{"id":6649,"date":"2026-03-25T20:47:40","date_gmt":"2026-03-25T23:47:40","guid":{"rendered":"https:\/\/sodecristo.org.br\/hejme\/?page_id=6649"},"modified":"2026-03-27T16:00:00","modified_gmt":"2026-03-27T19:00:00","slug":"genese-da-existencia-humana","status":"publish","type":"page","link":"https:\/\/sodecristo.org.br\/hejme\/genese-da-existencia-humana\/","title":{"rendered":"G\u00eanese da Exist\u00eancia Humana"},"content":{"rendered":"<p align=\"center\"><span style=\"font-family: Roboto; font-size: small;\">Segundo a Ci\u00eancia Esp\u00edrita,<\/span><\/p>\n<p><img decoding=\"async\" src=\"https:\/\/sodecristo.org.br\/hejme\/wp-content\/uploads\/2026\/03\/O-Homem-e-a-Mulher-original-300x157.jpeg\" class=\"alignleft\" style=\"font-family: Roboto; font-size: small;\" \/><\/p>\n<p><span style=\"font-family: Roboto;\"><span style=\"font-size: medium;\">Os esp\u00edritos ocupam infinitamente os lu<\/span><\/span><span style=\"font-family: Roboto;\"><span style=\"font-size: medium;\">gares infinitos. A resposta est\u00e1 contida no Livro dos Esp\u00edritos, que, para completar nossa ideia e proporcionar uma melhor compreens\u00e3o, esclarece que viemos do infinitamente pequeno para o infinitamente grande.<\/span><\/span><\/p>\n<p>\u201c<span style=\"font-family: Roboto;\"><span style=\"font-size: medium;\">Meu Pai n\u00e3o cessa de trabalhar\u201d, disse\u00a0<\/span><\/span><span style=\"font-size: medium; font-family: Roboto;\">Jesus. Portanto, a vida \u00e9 um eterno vir-a-ser, na liberdade\u00a0<\/span><span style=\"font-size: medium; font-family: Roboto;\">plena de cada criatura.\u00a0 <\/span><span style=\"font-family: Roboto;\"><span style=\"font-size: medium;\">Esp\u00edrito Santo, no tempo das Antigas Escrituras, era denominado pelos profetas de ent\u00e3o como sendo os Ex\u00e9rcitos do Senhor, os Ex\u00e9rcitos Celestiais.<\/span><\/span><\/p>\n<p><span style=\"font-family: Roboto;\"><span style=\"font-size: medium;\">No Novo Testamento, Jesus j\u00e1 o identificava para n\u00f3s como sendo as Legi\u00f5es de Anjos, que, pelo poder que t\u00eam, poderiam eliminar seus perseguidores. Os ap\u00f3stolos o mencionavam como sendo multid\u00e3o de mil\u00edcias celestiais ao comando de um esp\u00edrito mais graduado. Paulo de Tarso encorajava os irm\u00e3os, nas pelejas crist\u00e3s, afirmando serem espirituais as mil\u00edcias de Deus para derrubar as a\u00e7\u00f5es antag\u00f4nicas desfavor\u00e1veis \u00e0 implanta\u00e7\u00e3o do amor do Cristo no cora\u00e7\u00e3o dos gentios.<\/span><\/span><\/p>\n<p><span style=\"font-family: Roboto;\"><span style=\"font-size: medium;\">Hoje, estamos na Era Esp\u00edrita. Jesus ordenou que o Esp\u00edrito Santo descesse e, junto a n\u00f3s, o Esp\u00edrito da Verdade comandaria esses Ex\u00e9rcitos at\u00e9 o t\u00e9rmino da miss\u00e3o, ao entregar-nos puros ao mundo espiritual, quando participaremos das bodas junto \u00e0s ovelhas, ou seja, aos Esp\u00edritos imaculados que n\u00e3o passaram pela morte espiritual, desde o momento em que nasceram para a vida livre e plena nas moradas celestes.<\/span><\/span><\/p>\n<p><span style=\"font-family: Roboto;\"><span style=\"font-size: medium;\">Chegamos a uma fase em que n\u00f3s j\u00e1 podemos compreender a realidade de nossa exist\u00eancia, conforme os Esp\u00edritos que fazem parte do Esp\u00edrito Santo, comandado pelo Esp\u00edrito da Verdade, nos revelam:<\/span><\/span><\/p>\n<p><span style=\"font-family: Roboto;\"><span style=\"font-size: medium;\">Princ\u00edpios inteligentes e c\u00e9lulas celestiais s\u00e3o express\u00f5es para denominar os elementos que, na mensagem do Evangelho, s\u00e3o semeados e espalhados no seio do Criador, s\u00e3o colhidos e s\u00e3o ajuntados por falanges de Esp\u00edritos perfeitos, ligados e guiados por um Esp\u00edrito com qualidades supremas, inspirados diretamente pela Intelig\u00eancia Divina que rege o Universo Infinito.<\/span><\/span><\/p>\n<p><span style=\"font-family: Roboto;\"><span style=\"font-size: medium;\">A express\u00e3o &#8220;virgens prudentes&#8221; designa a natureza destes princ\u00edpios espirituais no seio de Deus, que t\u00eam a capacidade de despertar e s\u00e3o consideradas como nascidas, possuindo a habilidade de assimilar as inspira\u00e7\u00f5es que v\u00eam de Deus e das intelig\u00eancias superiores. Essas intelig\u00eancias est\u00e3o comprometidas em instruir as almas rec\u00e9m-nascidas, guiando-as ao grau supremo da perfei\u00e7\u00e3o, dentro de um espa\u00e7o incomensur\u00e1vel no tempo. Segundo as Antigas Escrituras, essas almas s\u00e3o consideradas primog\u00eanitas, e entre elas sempre haver\u00e1 uma que ter\u00e1 um desempenho primordial, sendo intitulada como Alfa e \u00d4mega, Cristo, Tutor.<\/span><\/span><\/p>\n<p><span style=\"font-family: Roboto;\"><span style=\"font-size: medium;\">As denominadas virgens n\u00e3o prudentes, ou virgens loucas, conforme cada tradu\u00e7\u00e3o, s\u00e3o c\u00e9lulas celestes que necessitar\u00e3o de meios materiais, o mundo corporal, para o despertar e nascer para a vida.<\/span><\/span><\/p>\n<p><span style=\"font-family: Roboto;\"><span style=\"font-size: medium;\">Processo encarnat\u00f3rio, recurso \u00fanico para levar essas pequeninas a acordarem para a vida de esp\u00edrito. O azeite que falta nas candeias \u00e9 a express\u00e3o que Jesus usa para indicar a necessidade de esses princ\u00edpios celestes adquirirem astralidade e, assim, desenvolverem a capacidade e nascerem para a vida consciente, semelhante \u00e0 do Criador e de Suas criaturas e, com sua individualidade, alcan\u00e7arem a perfei\u00e7\u00e3o como todas as outras.<\/span><\/span><\/p>\n<p><span style=\"font-family: Roboto;\"><span style=\"font-size: medium;\">A humanidade surge neste exato momento. O nascer do esp\u00edrito \u00e9 quando ele acorda para a vida consciente. Depois de suas vidas embrion\u00e1rias, instintivas, adquire o poder de pensar, raciocinar, decidir por si pr\u00f3prio, por longos <\/span><span style=\"font-size: medium;\">espa\u00e7os de tempo<\/span><span style=\"font-size: medium;\"> na espiritualidade, conhecendo os mundos e suas qualidades, j\u00e1 na posse do livre-arb\u00edtrio, desenvolvido em pleno ambiente astral, consciente de seus atos, caminhando para a perfei\u00e7\u00e3o. Uns e outros demonstram algumas tend\u00eancias primitivas, permitindo-se que o ego prevale\u00e7a em suas decis\u00f5es, mesmo tendo alcan\u00e7ado alto grau de conhecimentos, afastando-se das diretrizes das almas instrutoras, imiscuindo-se em ambientes primitivos na ilus\u00e3o de se verem independentes. Preferem, com esse dom sagrado, conquistado e inviol\u00e1vel \u00e0 semelhan\u00e7a do Criador, seguir seus pr\u00f3prios instintos despertos pela pr\u00f3pria vontade. Se irmanam com as demais criaturas de iguais tend\u00eancias.<\/span><\/span><\/p>\n<p><span style=\"font-family: Roboto;\"><span style=\"font-size: medium;\">Acompanhados por esp\u00edritos superiores, sob o comando de um Esp\u00edrito que foi capacitado e eleito pelo Cristo a dar seguimento ao natural procedimento, assim como em todos os mundos corporais nos universos, aos recursos de repara\u00e7\u00e3o, tendo todos levado a passarem pelo processo encarnat\u00f3rio, esquecendo temporariamente todo o aprendizado, morrendo para a vida de esp\u00edrito. Ao comando do Cristo, somos acompanhados e gerenciados por Esp\u00edritos que t\u00eam a capacidade de nos conduzir ao fim determinado por Deus.<\/span><\/span><\/p>\n<p><span style=\"font-family: Roboto;\"><span style=\"font-size: medium;\">Nossa hist\u00f3ria come\u00e7a logo ap\u00f3s a forma\u00e7\u00e3o do nosso planeta: \u201cNo sexto dia\u201d, levando-nos a um profundo sono, conforme nas escrituras: Deus, forma do p\u00f3 da terra, corpos para as almas, isto \u00e9, var\u00f5es e varoas, para trabalharmos na depura\u00e7\u00e3o de nossas m\u00e1s inclina\u00e7\u00f5es, a \u201cserpente\u201d alojada em nossas almas, por longo per\u00edodo, milh\u00f5es de s\u00e9culos.<\/span><\/span><\/p>\n<p><span style=\"font-family: Roboto;\"><span style=\"font-size: medium;\">Estamos na etapa final, na soleira de um mundo de regenera\u00e7\u00e3o, a caminharmos para o nascer de novo, despertarmos da morte do esp\u00edrito, retornarmos ao ponto de onde partimos, com a dire\u00e7\u00e3o e apoio do nosso irm\u00e3o, o anjo nomeado pelo Cristo antes que o mundo fosse, para conduzir-nos pelas veredas tortuosas da mat\u00e9ria. Hoje, dirige-nos do espa\u00e7o o pr\u00edncipe da humanidade, o Esp\u00edrito da Verdade, aquele a quem Jesus recomendou o talento que enterramos.<\/span><\/span><\/p>\n<p>&nbsp;<\/p>\n<p><span><strong><sup>\u201cEsp\u00edrito Santo \u00e9 uma designa\u00e7\u00e3o aleg\u00f3rica, sob a qual se compreendem indistintamente, de modo coletivo ou individual, os Esp\u00edritos puros, os Esp\u00edritos superiores e os bons Esp\u00edritos, como sendo, em ordem hier\u00e1rquica, os ministros ou agentes da vontade de Deus, os \u00f3rg\u00e3os de suas inspira\u00e7\u00f5es junto aos homens\u201d \u2013 Os Quatro Evangelhos, J.-B. Roustaing.<\/sup><\/strong><\/span><span><b>\u00a0<\/b><\/span><\/p>\n","protected":false},"excerpt":{"rendered":"<p>Segundo a Ci\u00eancia Esp\u00edrita, Os esp\u00edritos ocupam infinitamente os lugares infinitos. A resposta est\u00e1 contida no Livro dos Esp\u00edritos, que, para completar nossa ideia e proporcionar uma melhor compreens\u00e3o, esclarece que viemos do infinitamente pequeno para o infinitamente grande. \u201cMeu Pai n\u00e3o cessa de trabalhar\u201d, disse\u00a0Jesus. Portanto, a vida \u00e9 [&hellip;]<\/p>\n","protected":false},"author":1,"featured_media":6650,"parent":0,"menu_order":0,"comment_status":"closed","ping_status":"closed","template":"","meta":{"_monsterinsights_skip_tracking":false,"_monsterinsights_sitenote_active":false,"_monsterinsights_sitenote_note":"","_monsterinsights_sitenote_category":0,"footnotes":""},"class_list":["post-6649","page","type-page","status-publish","has-post-thumbnail","hentry"],"jetpack_sharing_enabled":true,"_links":{"self":[{"href":"https:\/\/sodecristo.org.br\/hejme\/wp-json\/wp\/v2\/pages\/6649","targetHints":{"allow":["GET"]}}],"collection":[{"href":"https:\/\/sodecristo.org.br\/hejme\/wp-json\/wp\/v2\/pages"}],"about":[{"href":"https:\/\/sodecristo.org.br\/hejme\/wp-json\/wp\/v2\/types\/page"}],"author":[{"embeddable":true,"href":"https:\/\/sodecristo.org.br\/hejme\/wp-json\/wp\/v2\/users\/1"}],"replies":[{"embeddable":true,"href":"https:\/\/sodecristo.org.br\/hejme\/wp-json\/wp\/v2\/comments?post=6649"}],"version-history":[{"count":13,"href":"https:\/\/sodecristo.org.br\/hejme\/wp-json\/wp\/v2\/pages\/6649\/revisions"}],"predecessor-version":[{"id":6669,"href":"https:\/\/sodecristo.org.br\/hejme\/wp-json\/wp\/v2\/pages\/6649\/revisions\/6669"}],"wp:featuredmedia":[{"embeddable":true,"href":"https:\/\/sodecristo.org.br\/hejme\/wp-json\/wp\/v2\/media\/6650"}],"wp:attachment":[{"href":"https:\/\/sodecristo.org.br\/hejme\/wp-json\/wp\/v2\/media?parent=6649"}],"curies":[{"name":"wp","href":"https:\/\/api.w.org\/{rel}","templated":true}]}}